{"id":300,"date":"2023-08-16T17:47:05","date_gmt":"2023-08-16T20:47:05","guid":{"rendered":"https:\/\/maternidadesantahelena.com.br\/cursogestante\/?page_id=300"},"modified":"2023-09-21T14:38:24","modified_gmt":"2023-09-21T17:38:24","slug":"semana-da-gestante-2023","status":"publish","type":"page","link":"https:\/\/maternidadesantahelena.com.br\/cursogestante\/","title":{"rendered":"Semana da Gestante 2023"},"content":{"rendered":"\t\t<div data-elementor-type=\"wp-page\" data-elementor-id=\"300\" class=\"elementor elementor-300\" data-elementor-post-type=\"page\">\n\t\t\t\t\t\t\t\t\t<header class=\"elementor-section elementor-top-section elementor-element elementor-element-6975ce83 elementor-section-content-middle elementor-section-boxed elementor-section-height-default elementor-section-height-default\" data-id=\"6975ce83\" data-element_type=\"section\" data-settings=\"{&quot;background_background&quot;:&quot;classic&quot;}\">\n\t\t\t\t\t\t\t<div class=\"elementor-background-overlay\"><\/div>\n\t\t\t\t\t\t\t<div class=\"elementor-container elementor-column-gap-wide\">\n\t\t\t\t\t<div class=\"elementor-column elementor-col-100 elementor-top-column elementor-element elementor-element-278b449d\" data-id=\"278b449d\" data-element_type=\"column\">\n\t\t\t<div class=\"elementor-widget-wrap elementor-element-populated\">\n\t\t\t\t\t\t\t\t<div class=\"elementor-element elementor-element-ba1b9a2 elementor-widget elementor-widget-image\" data-id=\"ba1b9a2\" data-element_type=\"widget\" data-widget_type=\"image.default\">\n\t\t\t\t<div class=\"elementor-widget-container\">\n\t\t\t\t\t\t\t\t\t\t\t\t\t\t\t<img decoding=\"async\" loading=\"lazy\" width=\"580\" height=\"384\" src=\"https:\/\/maternidadesantahelena.com.br\/cursogestante\/wp-content\/uploads\/2023\/08\/LOGO_CSH_GESTANTE_8-1024x678.png\" class=\"attachment-large size-large wp-image-307\" alt=\"\" srcset=\"https:\/\/maternidadesantahelena.com.br\/cursogestante\/wp-content\/uploads\/2023\/08\/LOGO_CSH_GESTANTE_8-1024x678.png 1024w, https:\/\/maternidadesantahelena.com.br\/cursogestante\/wp-content\/uploads\/2023\/08\/LOGO_CSH_GESTANTE_8-300x199.png 300w, https:\/\/maternidadesantahelena.com.br\/cursogestante\/wp-content\/uploads\/2023\/08\/LOGO_CSH_GESTANTE_8-768x509.png 768w, https:\/\/maternidadesantahelena.com.br\/cursogestante\/wp-content\/uploads\/2023\/08\/LOGO_CSH_GESTANTE_8-1536x1017.png 1536w, https:\/\/maternidadesantahelena.com.br\/cursogestante\/wp-content\/uploads\/2023\/08\/LOGO_CSH_GESTANTE_8-2048x1356.png 2048w, https:\/\/maternidadesantahelena.com.br\/cursogestante\/wp-content\/uploads\/2023\/08\/LOGO_CSH_GESTANTE_8-1200x795.png 1200w, https:\/\/maternidadesantahelena.com.br\/cursogestante\/wp-content\/uploads\/2023\/08\/LOGO_CSH_GESTANTE_8-1980x1311.png 1980w\" sizes=\"(max-width: 580px) 100vw, 580px\" \/>\t\t\t\t\t\t\t\t\t\t\t\t\t\t\t<\/div>\n\t\t\t\t<\/div>\n\t\t\t\t<div class=\"elementor-section elementor-inner-section elementor-element elementor-element-2fc419b6 elementor-section-content-middle elementor-section-boxed elementor-section-height-default elementor-section-height-default\" data-id=\"2fc419b6\" data-element_type=\"section\">\n\t\t\t\t\t\t<div class=\"elementor-container elementor-column-gap-wide\">\n\t\t\t\t\t<div class=\"elementor-column elementor-col-50 elementor-inner-column elementor-element elementor-element-64531876\" data-id=\"64531876\" data-element_type=\"column\">\n\t\t\t<div class=\"elementor-widget-wrap elementor-element-populated\">\n\t\t\t\t\t\t\t\t<div class=\"elementor-element elementor-element-581bcfce elementor-widget elementor-widget-heading\" data-id=\"581bcfce\" data-element_type=\"widget\" data-widget_type=\"heading.default\">\n\t\t\t\t<div class=\"elementor-widget-container\">\n\t\t\t<h1 class=\"elementor-heading-title elementor-size-default\">Curso para Gestantes<\/h1>\t\t<\/div>\n\t\t\t\t<\/div>\n\t\t\t\t<div class=\"elementor-element elementor-element-fb13d1a elementor-widget elementor-widget-heading\" data-id=\"fb13d1a\" data-element_type=\"widget\" data-widget_type=\"heading.default\">\n\t\t\t\t<div class=\"elementor-widget-container\">\n\t\t\t<h2 class=\"elementor-heading-title elementor-size-default\"><i>Ao-vivo, On-line e Gratuito<\/i><\/h2>\t\t<\/div>\n\t\t\t\t<\/div>\n\t\t\t\t<div class=\"elementor-element elementor-element-401818d1 elementor-widget elementor-widget-text-editor\" data-id=\"401818d1\" data-element_type=\"widget\" data-widget_type=\"text-editor.default\">\n\t\t\t\t<div class=\"elementor-widget-container\">\n\t\t\t\t\t\t\t<p>A <strong>chegada de um filho<\/strong> \u00e9 um momento m\u00e1gico, por esse motivo, a prepara\u00e7\u00e3o para o nascimento \u00e9 muito importante. Pensando nisso, a <strong>Cl\u00ednica e Maternidade Santa Helena<\/strong> preparou <em>3 lindos encontros<\/em><strong> ao vivo, on-line e gratuitos<\/strong>, para voc\u00eas mam\u00e3es e papais, se sentirem ainda mais seguros e confiantes para essa <strong>nova fase da vida!<\/strong><\/p><p>Um <strong>conte\u00fado riqu\u00edssimo<\/strong> que ajudar\u00e1 a preparar voc\u00eas para esse <em>momento t\u00e3o especial.<\/em><\/p>\t\t\t\t\t\t<\/div>\n\t\t\t\t<\/div>\n\t\t\t\t<div class=\"elementor-element elementor-element-4064dd31 elementor-align-justify elementor-widget elementor-widget-button\" data-id=\"4064dd31\" data-element_type=\"widget\" data-widget_type=\"button.default\">\n\t\t\t\t<div class=\"elementor-widget-container\">\n\t\t\t\t\t<div class=\"elementor-button-wrapper\">\n\t\t\t<a class=\"elementor-button elementor-button-link elementor-size-lg elementor-animation-shrink\" href=\"#inscricao\">\n\t\t\t\t\t\t<span class=\"elementor-button-content-wrapper\">\n\t\t\t\t\t\t<span class=\"elementor-button-text\">FA\u00c7A SUA INSCRI\u00c7\u00c3O GRATUITA<\/span>\n\t\t<\/span>\n\t\t\t\t\t<\/a>\n\t\t<\/div>\n\t\t\t\t<\/div>\n\t\t\t\t<\/div>\n\t\t\t\t\t<\/div>\n\t\t<\/div>\n\t\t\t\t<div class=\"elementor-column elementor-col-50 elementor-inner-column elementor-element elementor-element-19385406\" data-id=\"19385406\" data-element_type=\"column\" data-settings=\"{&quot;background_background&quot;:&quot;classic&quot;}\">\n\t\t\t<div class=\"elementor-widget-wrap elementor-element-populated\">\n\t\t\t\t\t\t\t\t<div class=\"elementor-element elementor-element-4421ca9c elementor-widget elementor-widget-heading\" data-id=\"4421ca9c\" data-element_type=\"widget\" data-widget_type=\"heading.default\">\n\t\t\t\t<div class=\"elementor-widget-container\">\n\t\t\t<p class=\"elementor-heading-title elementor-size-default\"><b>Sobre o que <\/b>falaremos no Curso?<\/p>\t\t<\/div>\n\t\t\t\t<\/div>\n\t\t\t\t<div class=\"elementor-element elementor-element-3445227f elementor-align-left elementor-icon-list--layout-traditional elementor-list-item-link-full_width elementor-widget elementor-widget-icon-list\" data-id=\"3445227f\" data-element_type=\"widget\" data-widget_type=\"icon-list.default\">\n\t\t\t\t<div class=\"elementor-widget-container\">\n\t\t\t\t\t<ul class=\"elementor-icon-list-items\">\n\t\t\t\t\t\t\t<li class=\"elementor-icon-list-item\">\n\t\t\t\t\t\t\t\t\t\t\t<span class=\"elementor-icon-list-icon\">\n\t\t\t\t\t\t\t<i aria-hidden=\"true\" class=\"fas fa-check\"><\/i>\t\t\t\t\t\t<\/span>\n\t\t\t\t\t\t\t\t\t\t<span class=\"elementor-icon-list-text\">Vias de Parto e Hora do Parto<\/span>\n\t\t\t\t\t\t\t\t\t<\/li>\n\t\t\t\t\t\t\t\t<li class=\"elementor-icon-list-item\">\n\t\t\t\t\t\t\t\t\t\t\t<span class=\"elementor-icon-list-icon\">\n\t\t\t\t\t\t\t<i aria-hidden=\"true\" class=\"fas fa-check\"><\/i>\t\t\t\t\t\t<\/span>\n\t\t\t\t\t\t\t\t\t\t<span class=\"elementor-icon-list-text\">Primeiras Horas de Vida<\/span>\n\t\t\t\t\t\t\t\t\t<\/li>\n\t\t\t\t\t\t\t\t<li class=\"elementor-icon-list-item\">\n\t\t\t\t\t\t\t\t\t\t\t<span class=\"elementor-icon-list-icon\">\n\t\t\t\t\t\t\t<i aria-hidden=\"true\" class=\"fas fa-check\"><\/i>\t\t\t\t\t\t<\/span>\n\t\t\t\t\t\t\t\t\t\t<span class=\"elementor-icon-list-text\">Cuidados na hora do banho<\/span>\n\t\t\t\t\t\t\t\t\t<\/li>\n\t\t\t\t\t\t\t\t<li class=\"elementor-icon-list-item\">\n\t\t\t\t\t\t\t\t\t\t\t<span class=\"elementor-icon-list-icon\">\n\t\t\t\t\t\t\t<i aria-hidden=\"true\" class=\"fas fa-check\"><\/i>\t\t\t\t\t\t<\/span>\n\t\t\t\t\t\t\t\t\t\t<span class=\"elementor-icon-list-text\">Aleitamento Materno<\/span>\n\t\t\t\t\t\t\t\t\t<\/li>\n\t\t\t\t\t\t\t\t<li class=\"elementor-icon-list-item\">\n\t\t\t\t\t\t\t\t\t\t\t<span class=\"elementor-icon-list-icon\">\n\t\t\t\t\t\t\t<i aria-hidden=\"true\" class=\"fas fa-check\"><\/i>\t\t\t\t\t\t<\/span>\n\t\t\t\t\t\t\t\t\t\t<span class=\"elementor-icon-list-text\">Desafios e Descobertas da Gesta\u00e7\u00e3o<\/span>\n\t\t\t\t\t\t\t\t\t<\/li>\n\t\t\t\t\t\t\t\t<li class=\"elementor-icon-list-item\">\n\t\t\t\t\t\t\t\t\t\t\t<span class=\"elementor-icon-list-icon\">\n\t\t\t\t\t\t\t<i aria-hidden=\"true\" class=\"fas fa-check\"><\/i>\t\t\t\t\t\t<\/span>\n\t\t\t\t\t\t\t\t\t\t<span class=\"elementor-icon-list-text\">Rede de Apoio<\/span>\n\t\t\t\t\t\t\t\t\t<\/li>\n\t\t\t\t\t\t\t\t<li class=\"elementor-icon-list-item\">\n\t\t\t\t\t\t\t\t\t\t\t<span class=\"elementor-icon-list-icon\">\n\t\t\t\t\t\t\t<i aria-hidden=\"true\" class=\"fas fa-check\"><\/i>\t\t\t\t\t\t<\/span>\n\t\t\t\t\t\t\t\t\t\t<span class=\"elementor-icon-list-text\">D\u00favidas sobre a nossa Maternidade<\/span>\n\t\t\t\t\t\t\t\t\t<\/li>\n\t\t\t\t\t\t<\/ul>\n\t\t\t\t<\/div>\n\t\t\t\t<\/div>\n\t\t\t\t\t<\/div>\n\t\t<\/div>\n\t\t\t\t\t\t\t<\/div>\n\t\t<\/div>\n\t\t\t\t<div class=\"elementor-element elementor-element-62a5853b elementor-countdown--label-block elementor-widget elementor-widget-countdown\" data-id=\"62a5853b\" data-element_type=\"widget\" data-widget_type=\"countdown.default\">\n\t\t\t\t<div class=\"elementor-widget-container\">\n\t\t\t\t\t<div class=\"elementor-countdown-wrapper\" data-date=\"1695074400\">\n\t\t\t<div class=\"elementor-countdown-item\"><span class=\"elementor-countdown-digits elementor-countdown-days\"><\/span> <span class=\"elementor-countdown-label\">Dias<\/span><\/div><div class=\"elementor-countdown-item\"><span class=\"elementor-countdown-digits elementor-countdown-hours\"><\/span> <span class=\"elementor-countdown-label\">Horas<\/span><\/div><div class=\"elementor-countdown-item\"><span class=\"elementor-countdown-digits elementor-countdown-minutes\"><\/span> <span class=\"elementor-countdown-label\">Minutos<\/span><\/div><div class=\"elementor-countdown-item\"><span class=\"elementor-countdown-digits elementor-countdown-seconds\"><\/span> <span class=\"elementor-countdown-label\">Segundos<\/span><\/div>\t\t<\/div>\n\t\t\t\t<\/div>\n\t\t\t\t<\/div>\n\t\t\t\t<div class=\"elementor-element elementor-element-a474550 elementor-widget elementor-widget-heading\" data-id=\"a474550\" data-element_type=\"widget\" data-widget_type=\"heading.default\">\n\t\t\t\t<div class=\"elementor-widget-container\">\n\t\t\t<h4 class=\"elementor-heading-title elementor-size-default\">18, 19 e 20 DE SETEMBRO 2023 <br>\nAO VIVO A PARTIR DAS 19:00h<\/h4>\t\t<\/div>\n\t\t\t\t<\/div>\n\t\t\t\t\t<\/div>\n\t\t<\/div>\n\t\t\t\t\t\t\t<\/div>\n\t\t<\/header>\n\t\t\t\t<section class=\"elementor-section elementor-top-section elementor-element elementor-element-3651f129 elementor-section-content-middle elementor-section-boxed elementor-section-height-default elementor-section-height-default\" data-id=\"3651f129\" data-element_type=\"section\" data-settings=\"{&quot;background_background&quot;:&quot;classic&quot;}\">\n\t\t\t\t\t\t<div class=\"elementor-container elementor-column-gap-wide\">\n\t\t\t\t\t<div class=\"elementor-column elementor-col-100 elementor-top-column elementor-element elementor-element-2eeca1ab\" data-id=\"2eeca1ab\" data-element_type=\"column\">\n\t\t\t<div class=\"elementor-widget-wrap elementor-element-populated\">\n\t\t\t\t\t\t\t\t<div class=\"elementor-element elementor-element-2eb92b8d elementor-widget elementor-widget-heading\" data-id=\"2eb92b8d\" data-element_type=\"widget\" data-widget_type=\"heading.default\">\n\t\t\t\t<div class=\"elementor-widget-container\">\n\t\t\t<h3 class=\"elementor-heading-title elementor-size-default\">Convidados <span style=\"color:#103F6C;\"> Semana da Gestante<\/span><\/h3>\t\t<\/div>\n\t\t\t\t<\/div>\n\t\t\t\t<div class=\"elementor-element elementor-element-1ef9001f elementor-widget elementor-widget-text-editor\" data-id=\"1ef9001f\" data-element_type=\"widget\" data-widget_type=\"text-editor.default\">\n\t\t\t\t<div class=\"elementor-widget-container\">\n\t\t\t\t\t\t\t<p>Um bate-papo descontra\u00eddo, comandado por uma equipe de profissionais altamente capacitados:<br>M\u00e9dico Obstetra, M\u00e9dico Pediatra, Enfermeira Obstetra, Psic\u00f3loga, Educador Parental&nbsp;e Dire\u00e7\u00e3o do Grupo Ba\u00eda Sul<span style=\"font-size: inherit; text-align: inherit; letter-spacing: var( --e-global-typography-text-letter-spacing );\">&nbsp;\/ Cl\u00ednica e Maternidade Santa Helena.<\/span><\/p>\t\t\t\t\t\t<\/div>\n\t\t\t\t<\/div>\n\t\t\t\t<div class=\"elementor-section elementor-inner-section elementor-element elementor-element-6dbbe1c1 elementor-section-content-middle elementor-section-boxed elementor-section-height-default elementor-section-height-default\" data-id=\"6dbbe1c1\" data-element_type=\"section\">\n\t\t\t\t\t\t<div class=\"elementor-container elementor-column-gap-default\">\n\t\t\t\t\t<div class=\"elementor-column elementor-col-33 elementor-inner-column elementor-element elementor-element-41bdcbf8\" data-id=\"41bdcbf8\" data-element_type=\"column\" data-settings=\"{&quot;background_background&quot;:&quot;classic&quot;}\">\n\t\t\t<div class=\"elementor-widget-wrap elementor-element-populated\">\n\t\t\t\t\t\t\t\t<div class=\"elementor-element elementor-element-60773945 elementor-invisible elementor-widget elementor-widget-image\" data-id=\"60773945\" data-element_type=\"widget\" data-settings=\"{&quot;_animation&quot;:&quot;fadeInDown&quot;}\" data-widget_type=\"image.default\">\n\t\t\t\t<div class=\"elementor-widget-container\">\n\t\t\t\t\t\t\t\t\t\t\t\t\t\t\t<img decoding=\"async\" loading=\"lazy\" width=\"142\" height=\"127\" src=\"https:\/\/maternidadesantahelena.com.br\/cursogestante\/wp-content\/uploads\/2023\/08\/dralaura.jpg\" class=\"attachment-large size-large wp-image-358\" alt=\"\" \/>\t\t\t\t\t\t\t\t\t\t\t\t\t\t\t<\/div>\n\t\t\t\t<\/div>\n\t\t\t\t<div class=\"elementor-element elementor-element-196a19d4 elementor-widget elementor-widget-image-box\" data-id=\"196a19d4\" data-element_type=\"widget\" data-widget_type=\"image-box.default\">\n\t\t\t\t<div class=\"elementor-widget-container\">\n\t\t\t<div class=\"elementor-image-box-wrapper\"><div class=\"elementor-image-box-content\"><div class=\"elementor-image-box-title\">Dra. Laura Britz<\/div><p class=\"elementor-image-box-description\">Ginecologista\/Obstetra\nMestre Ci\u00eancias Sa\u00fade\nProf. Universit\u00e1ria\n<\/p><\/div><\/div>\t\t<\/div>\n\t\t\t\t<\/div>\n\t\t\t\t<div class=\"elementor-element elementor-element-56d806 elementor-widget elementor-widget-text-editor\" data-id=\"56d806\" data-element_type=\"widget\" data-widget_type=\"text-editor.default\">\n\t\t\t\t<div class=\"elementor-widget-container\">\n\t\t\t\t\t\t\t<p>Vias de Parto | Hora do Parto<\/p>\t\t\t\t\t\t<\/div>\n\t\t\t\t<\/div>\n\t\t\t\t\t<\/div>\n\t\t<\/div>\n\t\t\t\t<div class=\"elementor-column elementor-col-33 elementor-inner-column elementor-element elementor-element-4cdb19b9\" data-id=\"4cdb19b9\" data-element_type=\"column\" data-settings=\"{&quot;background_background&quot;:&quot;classic&quot;}\">\n\t\t\t<div class=\"elementor-widget-wrap elementor-element-populated\">\n\t\t\t\t\t\t\t\t<div class=\"elementor-element elementor-element-1277910f elementor-invisible elementor-widget elementor-widget-image\" data-id=\"1277910f\" data-element_type=\"widget\" data-settings=\"{&quot;_animation&quot;:&quot;fadeInDown&quot;}\" data-widget_type=\"image.default\">\n\t\t\t\t<div class=\"elementor-widget-container\">\n\t\t\t\t\t\t\t\t\t\t\t\t\t\t\t<img decoding=\"async\" loading=\"lazy\" width=\"142\" height=\"127\" src=\"https:\/\/maternidadesantahelena.com.br\/cursogestante\/wp-content\/uploads\/2023\/08\/drgean.jpg\" class=\"attachment-large size-large wp-image-359\" alt=\"\" \/>\t\t\t\t\t\t\t\t\t\t\t\t\t\t\t<\/div>\n\t\t\t\t<\/div>\n\t\t\t\t<div class=\"elementor-element elementor-element-378f814c elementor-widget elementor-widget-image-box\" data-id=\"378f814c\" data-element_type=\"widget\" data-widget_type=\"image-box.default\">\n\t\t\t\t<div class=\"elementor-widget-container\">\n\t\t\t<div class=\"elementor-image-box-wrapper\"><div class=\"elementor-image-box-content\"><div class=\"elementor-image-box-title\">Dr. Gean Carlo <\/div><p class=\"elementor-image-box-description\">Pediatria e Neonatologista <\/p><\/div><\/div>\t\t<\/div>\n\t\t\t\t<\/div>\n\t\t\t\t<div class=\"elementor-element elementor-element-3dd456 elementor-widget elementor-widget-text-editor\" data-id=\"3dd456\" data-element_type=\"widget\" data-widget_type=\"text-editor.default\">\n\t\t\t\t<div class=\"elementor-widget-container\">\n\t\t\t\t\t\t\t<p>Cuidados com o Rec\u00e9m-Nascido<\/p>\t\t\t\t\t\t<\/div>\n\t\t\t\t<\/div>\n\t\t\t\t\t<\/div>\n\t\t<\/div>\n\t\t\t\t<div class=\"elementor-column elementor-col-33 elementor-inner-column elementor-element elementor-element-63ae2bcd\" data-id=\"63ae2bcd\" data-element_type=\"column\" data-settings=\"{&quot;background_background&quot;:&quot;classic&quot;}\">\n\t\t\t<div class=\"elementor-widget-wrap elementor-element-populated\">\n\t\t\t\t\t\t\t\t<div class=\"elementor-element elementor-element-274257b5 elementor-invisible elementor-widget elementor-widget-image\" data-id=\"274257b5\" data-element_type=\"widget\" data-settings=\"{&quot;_animation&quot;:&quot;fadeInDown&quot;}\" data-widget_type=\"image.default\">\n\t\t\t\t<div class=\"elementor-widget-container\">\n\t\t\t\t\t\t\t\t\t\t\t\t\t\t\t<img decoding=\"async\" loading=\"lazy\" width=\"142\" height=\"127\" src=\"https:\/\/maternidadesantahelena.com.br\/cursogestante\/wp-content\/uploads\/2023\/08\/carla.jpg\" class=\"attachment-large size-large wp-image-387\" alt=\"\" \/>\t\t\t\t\t\t\t\t\t\t\t\t\t\t\t<\/div>\n\t\t\t\t<\/div>\n\t\t\t\t<div class=\"elementor-element elementor-element-200faf90 elementor-widget elementor-widget-image-box\" data-id=\"200faf90\" data-element_type=\"widget\" data-widget_type=\"image-box.default\">\n\t\t\t\t<div class=\"elementor-widget-container\">\n\t\t\t<div class=\"elementor-image-box-wrapper\"><div class=\"elementor-image-box-content\"><div class=\"elementor-image-box-title\">Carla Fernandes<\/div><p class=\"elementor-image-box-description\">Coordenadora assistencial Cl\u00ednica e Maternidade Santa Helena<\/p><\/div><\/div>\t\t<\/div>\n\t\t\t\t<\/div>\n\t\t\t\t<div class=\"elementor-element elementor-element-6199ce7 elementor-widget elementor-widget-text-editor\" data-id=\"6199ce7\" data-element_type=\"widget\" data-widget_type=\"text-editor.default\">\n\t\t\t\t<div class=\"elementor-widget-container\">\n\t\t\t\t\t\t\t<p>Apresenta\u00e7\u00e3o Institucional Cl\u00ednica e Maternidade Santa Helena<\/p>\t\t\t\t\t\t<\/div>\n\t\t\t\t<\/div>\n\t\t\t\t\t<\/div>\n\t\t<\/div>\n\t\t\t\t\t\t\t<\/div>\n\t\t<\/div>\n\t\t\t\t<div class=\"elementor-section elementor-inner-section elementor-element elementor-element-7d419c1d elementor-section-content-middle elementor-section-boxed elementor-section-height-default elementor-section-height-default\" data-id=\"7d419c1d\" data-element_type=\"section\">\n\t\t\t\t\t\t<div class=\"elementor-container elementor-column-gap-default\">\n\t\t\t\t\t<div class=\"elementor-column elementor-col-33 elementor-inner-column elementor-element elementor-element-4a5fa634\" data-id=\"4a5fa634\" data-element_type=\"column\" data-settings=\"{&quot;background_background&quot;:&quot;classic&quot;}\">\n\t\t\t<div class=\"elementor-widget-wrap elementor-element-populated\">\n\t\t\t\t\t\t\t\t<div class=\"elementor-element elementor-element-1757bb7 elementor-invisible elementor-widget elementor-widget-image\" data-id=\"1757bb7\" data-element_type=\"widget\" data-settings=\"{&quot;_animation&quot;:&quot;fadeInDown&quot;}\" data-widget_type=\"image.default\">\n\t\t\t\t<div class=\"elementor-widget-container\">\n\t\t\t\t\t\t\t\t\t\t\t\t\t\t\t<img decoding=\"async\" loading=\"lazy\" width=\"142\" height=\"127\" src=\"https:\/\/maternidadesantahelena.com.br\/cursogestante\/wp-content\/uploads\/2023\/08\/lucieli.jpg\" class=\"attachment-large size-large wp-image-388\" alt=\"\" \/>\t\t\t\t\t\t\t\t\t\t\t\t\t\t\t<\/div>\n\t\t\t\t<\/div>\n\t\t\t\t<div class=\"elementor-element elementor-element-414ee76d elementor-widget elementor-widget-image-box\" data-id=\"414ee76d\" data-element_type=\"widget\" data-widget_type=\"image-box.default\">\n\t\t\t\t<div class=\"elementor-widget-container\">\n\t\t\t<div class=\"elementor-image-box-wrapper\"><div class=\"elementor-image-box-content\"><div class=\"elementor-image-box-title\">Luciele de Carvalho<\/div><p class=\"elementor-image-box-description\">Enfermeira Neonatal \nConsultora de amamenta\u00e7\u00e3o com forma\u00e7\u00e3o em laserterapia\n<\/p><\/div><\/div>\t\t<\/div>\n\t\t\t\t<\/div>\n\t\t\t\t<div class=\"elementor-element elementor-element-707dc3f4 elementor-widget elementor-widget-text-editor\" data-id=\"707dc3f4\" data-element_type=\"widget\" data-widget_type=\"text-editor.default\">\n\t\t\t\t<div class=\"elementor-widget-container\">\n\t\t\t\t\t\t\t<p>Aleitamento Materno<br \/>Cuidados com o Beb\u00ea<\/p>\t\t\t\t\t\t<\/div>\n\t\t\t\t<\/div>\n\t\t\t\t\t<\/div>\n\t\t<\/div>\n\t\t\t\t<div class=\"elementor-column elementor-col-33 elementor-inner-column elementor-element elementor-element-69b7f891\" data-id=\"69b7f891\" data-element_type=\"column\" data-settings=\"{&quot;background_background&quot;:&quot;classic&quot;}\">\n\t\t\t<div class=\"elementor-widget-wrap elementor-element-populated\">\n\t\t\t\t\t\t\t\t<div class=\"elementor-element elementor-element-3917bb18 elementor-invisible elementor-widget elementor-widget-image\" data-id=\"3917bb18\" data-element_type=\"widget\" data-settings=\"{&quot;_animation&quot;:&quot;fadeInDown&quot;}\" data-widget_type=\"image.default\">\n\t\t\t\t<div class=\"elementor-widget-container\">\n\t\t\t\t\t\t\t\t\t\t\t\t\t\t\t<img decoding=\"async\" loading=\"lazy\" width=\"142\" height=\"127\" src=\"https:\/\/maternidadesantahelena.com.br\/cursogestante\/wp-content\/uploads\/2023\/08\/Marilia-Borba-Candaten.jpg\" class=\"attachment-large size-large wp-image-360\" alt=\"\" \/>\t\t\t\t\t\t\t\t\t\t\t\t\t\t\t<\/div>\n\t\t\t\t<\/div>\n\t\t\t\t<div class=\"elementor-element elementor-element-51578a02 elementor-widget elementor-widget-image-box\" data-id=\"51578a02\" data-element_type=\"widget\" data-widget_type=\"image-box.default\">\n\t\t\t\t<div class=\"elementor-widget-container\">\n\t\t\t<div class=\"elementor-image-box-wrapper\"><div class=\"elementor-image-box-content\"><div class=\"elementor-image-box-title\">Marilia Borba Candaten<\/div><p class=\"elementor-image-box-description\">Especialista em psicologia perinatal pelo instituto pais e beb\u00eas\nPsic\u00f3loga cl\u00ednica e hospitalar e Especialista em sa\u00fade da mulher e da Crian\u00e7a pelo Programa de Resid\u00eancia Multiprofissional em sa\u00fade - UFSC\nMestra em psicologia - UFSC<\/p><\/div><\/div>\t\t<\/div>\n\t\t\t\t<\/div>\n\t\t\t\t<div class=\"elementor-element elementor-element-3580c9e7 elementor-widget elementor-widget-text-editor\" data-id=\"3580c9e7\" data-element_type=\"widget\" data-widget_type=\"text-editor.default\">\n\t\t\t\t<div class=\"elementor-widget-container\">\n\t\t\t\t\t\t\t<p>Desafios e Descobertas <br \/>da Gesta\u00e7\u00e3o<\/p>\t\t\t\t\t\t<\/div>\n\t\t\t\t<\/div>\n\t\t\t\t\t<\/div>\n\t\t<\/div>\n\t\t\t\t<div class=\"elementor-column elementor-col-33 elementor-inner-column elementor-element elementor-element-425da939\" data-id=\"425da939\" data-element_type=\"column\" data-settings=\"{&quot;background_background&quot;:&quot;classic&quot;}\">\n\t\t\t<div class=\"elementor-widget-wrap elementor-element-populated\">\n\t\t\t\t\t\t\t\t<div class=\"elementor-element elementor-element-6446e9d elementor-invisible elementor-widget elementor-widget-image\" data-id=\"6446e9d\" data-element_type=\"widget\" data-settings=\"{&quot;_animation&quot;:&quot;fadeInDown&quot;}\" data-widget_type=\"image.default\">\n\t\t\t\t<div class=\"elementor-widget-container\">\n\t\t\t\t\t\t\t\t\t\t\t\t\t\t\t<img decoding=\"async\" loading=\"lazy\" width=\"142\" height=\"127\" src=\"https:\/\/maternidadesantahelena.com.br\/cursogestante\/wp-content\/uploads\/2023\/09\/daniela.jpg\" class=\"attachment-large size-large wp-image-402\" alt=\"\" \/>\t\t\t\t\t\t\t\t\t\t\t\t\t\t\t<\/div>\n\t\t\t\t<\/div>\n\t\t\t\t<div class=\"elementor-element elementor-element-1cc707ab elementor-widget elementor-widget-image-box\" data-id=\"1cc707ab\" data-element_type=\"widget\" data-widget_type=\"image-box.default\">\n\t\t\t\t<div class=\"elementor-widget-container\">\n\t\t\t<div class=\"elementor-image-box-wrapper\"><div class=\"elementor-image-box-content\"><div class=\"elementor-image-box-title\">Daniela Schwanck<\/div><p class=\"elementor-image-box-description\">Membro do Instituto Pais e beb\u00ea \nPsic\u00f3loga Perinatal e Psicoterapeuta de Orienta\u00e7\u00e3o Psicanal\u00edtica<\/p><\/div><\/div>\t\t<\/div>\n\t\t\t\t<\/div>\n\t\t\t\t\t<\/div>\n\t\t<\/div>\n\t\t\t\t\t\t\t<\/div>\n\t\t<\/div>\n\t\t\t\t\t<\/div>\n\t\t<\/div>\n\t\t\t\t\t\t\t<\/div>\n\t\t<\/section>\n\t\t\t\t<section class=\"elementor-section elementor-top-section elementor-element elementor-element-7612eed elementor-section-boxed elementor-section-height-default elementor-section-height-default\" data-id=\"7612eed\" data-element_type=\"section\" data-settings=\"{&quot;background_background&quot;:&quot;classic&quot;}\">\n\t\t\t\t\t\t<div class=\"elementor-container elementor-column-gap-default\">\n\t\t\t\t\t<div class=\"elementor-column elementor-col-50 elementor-top-column elementor-element elementor-element-8779fad\" data-id=\"8779fad\" data-element_type=\"column\">\n\t\t\t<div class=\"elementor-widget-wrap elementor-element-populated\">\n\t\t\t\t\t\t\t\t<div class=\"elementor-element elementor-element-389ac776 elementor-widget elementor-widget-heading\" data-id=\"389ac776\" data-element_type=\"widget\" data-widget_type=\"heading.default\">\n\t\t\t\t<div class=\"elementor-widget-container\">\n\t\t\t<h3 class=\"elementor-heading-title elementor-size-default\">Quer conhecer\nnossa estrutura\npessoalmente?<\/h3>\t\t<\/div>\n\t\t\t\t<\/div>\n\t\t\t\t<div class=\"elementor-element elementor-element-2ef7abd9 elementor-widget elementor-widget-text-editor\" data-id=\"2ef7abd9\" data-element_type=\"widget\" data-widget_type=\"text-editor.default\">\n\t\t\t\t<div class=\"elementor-widget-container\">\n\t\t\t\t\t\t\t<p>Atrav\u00e9s da visita guiada voc\u00ea pode conhecer a estrutura da Maternidade e tirar todas as suas d\u00favidas!<\/p>\t\t\t\t\t\t<\/div>\n\t\t\t\t<\/div>\n\t\t\t\t<div class=\"elementor-element elementor-element-733c06c elementor-align-left elementor-widget elementor-widget-button\" data-id=\"733c06c\" data-element_type=\"widget\" data-widget_type=\"button.default\">\n\t\t\t\t<div class=\"elementor-widget-container\">\n\t\t\t\t\t<div class=\"elementor-button-wrapper\">\n\t\t\t<a class=\"elementor-button elementor-button-link elementor-size-lg elementor-animation-bounce-in\" href=\"http:\/\/wa.me\/5548996248535\">\n\t\t\t\t\t\t<span class=\"elementor-button-content-wrapper\">\n\t\t\t\t\t\t<span class=\"elementor-button-icon elementor-align-icon-left\">\n\t\t\t\t<i aria-hidden=\"true\" class=\"fab fa-whatsapp\"><\/i>\t\t\t<\/span>\n\t\t\t\t\t\t<span class=\"elementor-button-text\">Fa\u00e7a seu agendamento aqui<\/span>\n\t\t<\/span>\n\t\t\t\t\t<\/a>\n\t\t<\/div>\n\t\t\t\t<\/div>\n\t\t\t\t<\/div>\n\t\t\t\t\t<\/div>\n\t\t<\/div>\n\t\t\t\t<div class=\"elementor-column elementor-col-50 elementor-top-column elementor-element elementor-element-3ed6836\" data-id=\"3ed6836\" data-element_type=\"column\">\n\t\t\t<div class=\"elementor-widget-wrap\">\n\t\t\t\t\t\t\t\t\t<\/div>\n\t\t<\/div>\n\t\t\t\t\t\t\t<\/div>\n\t\t<\/section>\n\t\t\t\t<section class=\"elementor-section elementor-top-section elementor-element elementor-element-558bba9d elementor-section-content-middle elementor-section-boxed elementor-section-height-default elementor-section-height-default\" data-id=\"558bba9d\" data-element_type=\"section\" data-settings=\"{&quot;background_background&quot;:&quot;classic&quot;}\">\n\t\t\t\t\t\t<div class=\"elementor-container elementor-column-gap-wide\">\n\t\t\t\t\t<div class=\"elementor-column elementor-col-100 elementor-top-column elementor-element elementor-element-e30a3ff\" data-id=\"e30a3ff\" data-element_type=\"column\">\n\t\t\t<div class=\"elementor-widget-wrap elementor-element-populated\">\n\t\t\t\t\t\t\t\t<div class=\"elementor-element elementor-element-9aa67dc elementor-widget elementor-widget-heading\" data-id=\"9aa67dc\" data-element_type=\"widget\" data-widget_type=\"heading.default\">\n\t\t\t\t<div class=\"elementor-widget-container\">\n\t\t\t<div class=\"elementor-heading-title elementor-size-small\">Conhe\u00e7a a<\/div>\t\t<\/div>\n\t\t\t\t<\/div>\n\t\t\t\t<div class=\"elementor-element elementor-element-5a970770 elementor-widget elementor-widget-heading\" data-id=\"5a970770\" data-element_type=\"widget\" data-widget_type=\"heading.default\">\n\t\t\t\t<div class=\"elementor-widget-container\">\n\t\t\t<h3 class=\"elementor-heading-title elementor-size-default\">Cl\u00ednica & Maternidade Santa Helena<\/h3>\t\t<\/div>\n\t\t\t\t<\/div>\n\t\t\t\t<div class=\"elementor-section elementor-inner-section elementor-element elementor-element-8cc23da elementor-section-content-middle elementor-section-boxed elementor-section-height-default elementor-section-height-default\" data-id=\"8cc23da\" data-element_type=\"section\">\n\t\t\t\t\t\t<div class=\"elementor-container elementor-column-gap-default\">\n\t\t\t\t\t<div class=\"elementor-column elementor-col-100 elementor-inner-column elementor-element elementor-element-19ef4d3f\" data-id=\"19ef4d3f\" data-element_type=\"column\" data-settings=\"{&quot;background_background&quot;:&quot;classic&quot;}\">\n\t\t\t<div class=\"elementor-widget-wrap elementor-element-populated\">\n\t\t\t\t\t\t\t\t<div class=\"elementor-element elementor-element-7588320e elementor-position-top elementor-widget elementor-widget-image-box\" data-id=\"7588320e\" data-element_type=\"widget\" data-widget_type=\"image-box.default\">\n\t\t\t\t<div class=\"elementor-widget-container\">\n\t\t\t<div class=\"elementor-image-box-wrapper\"><figure class=\"elementor-image-box-img\"><img decoding=\"async\" loading=\"lazy\" width=\"441\" height=\"267\" src=\"https:\/\/maternidadesantahelena.com.br\/cursogestante\/wp-content\/uploads\/2020\/09\/clinica-santa-helena-consultas-florianopolis.jpg\" class=\"attachment-full size-full wp-image-50\" alt=\"\" srcset=\"https:\/\/maternidadesantahelena.com.br\/cursogestante\/wp-content\/uploads\/2020\/09\/clinica-santa-helena-consultas-florianopolis.jpg 441w, https:\/\/maternidadesantahelena.com.br\/cursogestante\/wp-content\/uploads\/2020\/09\/clinica-santa-helena-consultas-florianopolis-300x182.jpg 300w\" sizes=\"(max-width: 441px) 100vw, 441px\" \/><\/figure><div class=\"elementor-image-box-content\"><p class=\"elementor-image-box-description\">Desde 1993<\/p><\/div><\/div>\t\t<\/div>\n\t\t\t\t<\/div>\n\t\t\t\t<div class=\"elementor-element elementor-element-6315118e elementor-widget elementor-widget-text-editor\" data-id=\"6315118e\" data-element_type=\"widget\" data-widget_type=\"text-editor.default\">\n\t\t\t\t<div class=\"elementor-widget-container\">\n\t\t\t\t\t\t\t<p>A Cl\u00ednica e Maternidade Santa Helena iniciou suas atividades em 1993 e hoje \u00e9 refer\u00eancia em gesta\u00e7\u00f5es de risco e UTI Neonatal (Unidade de Terapia Intensiva de rec\u00e9m-nascido). Com aproximadamente 2.000 m\u00b2, a <br \/>Santa Helena conta com uma estrutura completa e profissionais altamente capacitados para<br \/>atender todas as suas pacientes.<\/p>\t\t\t\t\t\t<\/div>\n\t\t\t\t<\/div>\n\t\t\t\t\t<\/div>\n\t\t<\/div>\n\t\t\t\t\t\t\t<\/div>\n\t\t<\/div>\n\t\t\t\t\t<\/div>\n\t\t<\/div>\n\t\t\t\t\t\t\t<\/div>\n\t\t<\/section>\n\t\t\t\t<section class=\"elementor-section elementor-top-section elementor-element elementor-element-41e5521 elementor-section-content-middle elementor-section-boxed elementor-section-height-default elementor-section-height-default\" data-id=\"41e5521\" data-element_type=\"section\" data-settings=\"{&quot;background_background&quot;:&quot;classic&quot;}\">\n\t\t\t\t\t\t<div class=\"elementor-container elementor-column-gap-wide\">\n\t\t\t\t\t<div class=\"elementor-column elementor-col-100 elementor-top-column elementor-element elementor-element-18af8961\" data-id=\"18af8961\" data-element_type=\"column\">\n\t\t\t<div class=\"elementor-widget-wrap elementor-element-populated\">\n\t\t\t\t\t\t\t\t<div class=\"elementor-element elementor-element-1bd2dd97 elementor-widget elementor-widget-heading\" data-id=\"1bd2dd97\" data-element_type=\"widget\" data-widget_type=\"heading.default\">\n\t\t\t\t<div class=\"elementor-widget-container\">\n\t\t\t<h3 class=\"elementor-heading-title elementor-size-default\">Uma Cl\u00ednica completa<span style=\"color:#103F6C;\"> para acolher voc\u00ea e sua fam\u00edlia<\/span><\/h3>\t\t<\/div>\n\t\t\t\t<\/div>\n\t\t\t\t<div class=\"elementor-element elementor-element-5006b1bd elementor-widget elementor-widget-text-editor\" data-id=\"5006b1bd\" data-element_type=\"widget\" data-widget_type=\"text-editor.default\">\n\t\t\t\t<div class=\"elementor-widget-container\">\n\t\t\t\t\t\t\t<p>A Cl\u00ednica e Maternidade Santa Helena tem capacidade de atender todo o setor privado da <br \/>Grande Florian\u00f3polis, atrav\u00e9s de sua estrutura completa e equipe qualificada para proporcionar toda a seguran\u00e7a necess\u00e1ria para pacientes, gestantes e beb\u00eas.<\/p>\t\t\t\t\t\t<\/div>\n\t\t\t\t<\/div>\n\t\t\t\t<div class=\"elementor-section elementor-inner-section elementor-element elementor-element-5ea15cec elementor-section-content-middle elementor-section-boxed elementor-section-height-default elementor-section-height-default\" data-id=\"5ea15cec\" data-element_type=\"section\">\n\t\t\t\t\t\t<div class=\"elementor-container elementor-column-gap-wide\">\n\t\t\t\t\t<div class=\"elementor-column elementor-col-50 elementor-inner-column elementor-element elementor-element-17b94931\" data-id=\"17b94931\" data-element_type=\"column\" data-settings=\"{&quot;background_background&quot;:&quot;classic&quot;}\">\n\t\t\t<div class=\"elementor-widget-wrap elementor-element-populated\">\n\t\t\t\t\t\t\t\t<div class=\"elementor-element elementor-element-ab907d2 elementor-position-left elementor-vertical-align-middle elementor-widget elementor-widget-image-box\" data-id=\"ab907d2\" data-element_type=\"widget\" data-widget_type=\"image-box.default\">\n\t\t\t\t<div class=\"elementor-widget-container\">\n\t\t\t<div class=\"elementor-image-box-wrapper\"><figure class=\"elementor-image-box-img\"><img decoding=\"async\" loading=\"lazy\" width=\"441\" height=\"267\" src=\"https:\/\/maternidadesantahelena.com.br\/cursogestante\/wp-content\/uploads\/2020\/09\/maternidade-santa-helena-florianopolis.jpg\" class=\"attachment-full size-full wp-image-52\" alt=\"\" srcset=\"https:\/\/maternidadesantahelena.com.br\/cursogestante\/wp-content\/uploads\/2020\/09\/maternidade-santa-helena-florianopolis.jpg 441w, https:\/\/maternidadesantahelena.com.br\/cursogestante\/wp-content\/uploads\/2020\/09\/maternidade-santa-helena-florianopolis-300x182.jpg 300w\" sizes=\"(max-width: 441px) 100vw, 441px\" \/><\/figure><div class=\"elementor-image-box-content\"><div class=\"elementor-image-box-title\">Cl\u00ednica<\/div><p class=\"elementor-image-box-description\">Uma Cl\u00ednica completa e profissionais com diversas especialidades para garantir um bom e saud\u00e1vel pr\u00e9-natal.<\/p><\/div><\/div>\t\t<\/div>\n\t\t\t\t<\/div>\n\t\t\t\t<div class=\"elementor-element elementor-element-20d520f6 elementor-position-left elementor-vertical-align-middle elementor-widget elementor-widget-image-box\" data-id=\"20d520f6\" data-element_type=\"widget\" data-widget_type=\"image-box.default\">\n\t\t\t\t<div class=\"elementor-widget-container\">\n\t\t\t<div class=\"elementor-image-box-wrapper\"><figure class=\"elementor-image-box-img\"><img decoding=\"async\" loading=\"lazy\" width=\"990\" height=\"638\" src=\"https:\/\/maternidadesantahelena.com.br\/cursogestante\/wp-content\/uploads\/2020\/09\/centro-parto-normal-santa-helena-01.jpg\" class=\"attachment-full size-full wp-image-53\" alt=\"\" srcset=\"https:\/\/maternidadesantahelena.com.br\/cursogestante\/wp-content\/uploads\/2020\/09\/centro-parto-normal-santa-helena-01.jpg 990w, https:\/\/maternidadesantahelena.com.br\/cursogestante\/wp-content\/uploads\/2020\/09\/centro-parto-normal-santa-helena-01-300x193.jpg 300w, https:\/\/maternidadesantahelena.com.br\/cursogestante\/wp-content\/uploads\/2020\/09\/centro-parto-normal-santa-helena-01-768x495.jpg 768w\" sizes=\"(max-width: 990px) 100vw, 990px\" \/><\/figure><div class=\"elementor-image-box-content\"><div class=\"elementor-image-box-title\">Centro de Parto Normal<\/div><p class=\"elementor-image-box-description\">A Maternidade disp\u00f5e de 3 salas individuais para parto, totalmente preparadas para acolher \u00e0s mam\u00e3es que desejam o Parto Normal.<\/p><\/div><\/div>\t\t<\/div>\n\t\t\t\t<\/div>\n\t\t\t\t\t<\/div>\n\t\t<\/div>\n\t\t\t\t<div class=\"elementor-column elementor-col-50 elementor-inner-column elementor-element elementor-element-2707bdc2\" data-id=\"2707bdc2\" data-element_type=\"column\">\n\t\t\t<div class=\"elementor-widget-wrap elementor-element-populated\">\n\t\t\t\t\t\t\t\t<div class=\"elementor-element elementor-element-7215b4dc elementor-position-left elementor-vertical-align-middle elementor-widget elementor-widget-image-box\" data-id=\"7215b4dc\" data-element_type=\"widget\" data-widget_type=\"image-box.default\">\n\t\t\t\t<div class=\"elementor-widget-container\">\n\t\t\t<div class=\"elementor-image-box-wrapper\"><figure class=\"elementor-image-box-img\"><img decoding=\"async\" loading=\"lazy\" width=\"441\" height=\"267\" src=\"https:\/\/maternidadesantahelena.com.br\/cursogestante\/wp-content\/uploads\/2020\/09\/clinica-santa-helena-consultas-florianopolis.jpg\" class=\"attachment-full size-full wp-image-50\" alt=\"\" srcset=\"https:\/\/maternidadesantahelena.com.br\/cursogestante\/wp-content\/uploads\/2020\/09\/clinica-santa-helena-consultas-florianopolis.jpg 441w, https:\/\/maternidadesantahelena.com.br\/cursogestante\/wp-content\/uploads\/2020\/09\/clinica-santa-helena-consultas-florianopolis-300x182.jpg 300w\" sizes=\"(max-width: 441px) 100vw, 441px\" \/><\/figure><div class=\"elementor-image-box-content\"><div class=\"elementor-image-box-title\">Maternidade<\/div><p class=\"elementor-image-box-description\">Centro Cir\u00fargico com alta tecnologia e op\u00e7\u00f5es de acomoda\u00e7\u00f5es - Enfermaria, Apartamento, Su\u00edte e Semi Su\u00edte. <\/p><\/div><\/div>\t\t<\/div>\n\t\t\t\t<\/div>\n\t\t\t\t<div class=\"elementor-element elementor-element-4fd31764 elementor-position-left elementor-vertical-align-middle elementor-widget elementor-widget-image-box\" data-id=\"4fd31764\" data-element_type=\"widget\" data-widget_type=\"image-box.default\">\n\t\t\t\t<div class=\"elementor-widget-container\">\n\t\t\t<div class=\"elementor-image-box-wrapper\"><figure class=\"elementor-image-box-img\"><img decoding=\"async\" loading=\"lazy\" width=\"441\" height=\"267\" src=\"https:\/\/maternidadesantahelena.com.br\/cursogestante\/wp-content\/uploads\/2020\/09\/utineonatal-clinica-santa-helena-consultas-florianopolis.jpg\" class=\"attachment-full size-full wp-image-103\" alt=\"\" srcset=\"https:\/\/maternidadesantahelena.com.br\/cursogestante\/wp-content\/uploads\/2020\/09\/utineonatal-clinica-santa-helena-consultas-florianopolis.jpg 441w, https:\/\/maternidadesantahelena.com.br\/cursogestante\/wp-content\/uploads\/2020\/09\/utineonatal-clinica-santa-helena-consultas-florianopolis-300x182.jpg 300w\" sizes=\"(max-width: 441px) 100vw, 441px\" \/><\/figure><div class=\"elementor-image-box-content\"><div class=\"elementor-image-box-title\">UTI NeoNatal<\/div><p class=\"elementor-image-box-description\">A Maternidade disp\u00f5e de excelentes leitos de UTI NeoNatal, com n\u00famero adequado para atender a demanda.<\/p><\/div><\/div>\t\t<\/div>\n\t\t\t\t<\/div>\n\t\t\t\t\t<\/div>\n\t\t<\/div>\n\t\t\t\t\t\t\t<\/div>\n\t\t<\/div>\n\t\t\t\t\t<\/div>\n\t\t<\/div>\n\t\t\t\t\t\t\t<\/div>\n\t\t<\/section>\n\t\t\t\t<section class=\"elementor-section elementor-top-section elementor-element elementor-element-67e14393 elementor-section-content-middle elementor-section-boxed elementor-section-height-default elementor-section-height-default\" data-id=\"67e14393\" data-element_type=\"section\" id=\"inscricao\" data-settings=\"{&quot;background_background&quot;:&quot;classic&quot;}\">\n\t\t\t\t\t\t<div class=\"elementor-container elementor-column-gap-wide\">\n\t\t\t\t\t<div class=\"elementor-column elementor-col-100 elementor-top-column elementor-element elementor-element-21143307\" data-id=\"21143307\" data-element_type=\"column\">\n\t\t\t<div class=\"elementor-widget-wrap elementor-element-populated\">\n\t\t\t\t\t\t\t\t<div class=\"elementor-element elementor-element-6301afbc elementor-widget elementor-widget-heading\" data-id=\"6301afbc\" data-element_type=\"widget\" data-widget_type=\"heading.default\">\n\t\t\t\t<div class=\"elementor-widget-container\">\n\t\t\t<h3 class=\"elementor-heading-title elementor-size-default\">FORMUL\u00c1RIO DE <span style=\"color:#103F6C;\">INSCRI\u00c7\u00c3O<\/span><\/h3>\t\t<\/div>\n\t\t\t\t<\/div>\n\t\t\t\t<div class=\"elementor-element elementor-element-26faeb09 elementor-widget elementor-widget-text-editor\" data-id=\"26faeb09\" data-element_type=\"widget\" data-widget_type=\"text-editor.default\">\n\t\t\t\t<div class=\"elementor-widget-container\">\n\t\t\t\t\t\t\t<p>Inscri\u00e7\u00f5es encerradas<\/p>\t\t\t\t\t\t<\/div>\n\t\t\t\t<\/div>\n\t\t\t\t\t<\/div>\n\t\t<\/div>\n\t\t\t\t\t\t\t<\/div>\n\t\t<\/section>\n\t\t\t\t<section class=\"elementor-section elementor-top-section elementor-element elementor-element-213747e7 elementor-section-content-middle elementor-section-boxed elementor-section-height-default elementor-section-height-default\" data-id=\"213747e7\" data-element_type=\"section\" data-settings=\"{&quot;background_background&quot;:&quot;classic&quot;}\">\n\t\t\t\t\t\t<div class=\"elementor-container elementor-column-gap-wide\">\n\t\t\t\t\t<div class=\"elementor-column elementor-col-100 elementor-top-column elementor-element elementor-element-1596448e\" data-id=\"1596448e\" data-element_type=\"column\">\n\t\t\t<div class=\"elementor-widget-wrap elementor-element-populated\">\n\t\t\t\t\t\t\t\t<div class=\"elementor-element elementor-element-2edb12f1 elementor-widget elementor-widget-heading\" data-id=\"2edb12f1\" data-element_type=\"widget\" data-widget_type=\"heading.default\">\n\t\t\t\t<div class=\"elementor-widget-container\">\n\t\t\t<h3 class=\"elementor-heading-title elementor-size-default\">Como v\u00e3o funcionar<span style=\"color:#103F6C;\"> os nossos encontros?<\/span><\/h3>\t\t<\/div>\n\t\t\t\t<\/div>\n\t\t\t\t<div class=\"elementor-element elementor-element-2add2616 elementor-widget elementor-widget-text-editor\" data-id=\"2add2616\" data-element_type=\"widget\" data-widget_type=\"text-editor.default\">\n\t\t\t\t<div class=\"elementor-widget-container\">\n\t\t\t\t\t\t\t<p>Ap\u00f3s o cadastro voc\u00ea ser\u00e1 direcionada para uma <b>Comunidade silenciosa e exclusiva no Whatsapp,<\/b> criada exclusivamente para enviarmos informa\u00e7\u00f5es e avisos sobre a <i><b>Semana da Gestante <\/b>nos dias <u>18, 19 e 20 de Setembro<\/u><\/i>, assim como tamb\u00e9m o <b>link de acesso <\/b>aos nossos encontros. Ser\u00e3o 3 dias de conte\u00fados <b>AO VIVO<\/b>, a partir das 19h.<\/p>\t\t\t\t\t\t<\/div>\n\t\t\t\t<\/div>\n\t\t\t\t<div class=\"elementor-section elementor-inner-section elementor-element elementor-element-356e02b1 elementor-section-content-middle elementor-section-boxed elementor-section-height-default elementor-section-height-default\" data-id=\"356e02b1\" data-element_type=\"section\">\n\t\t\t\t\t\t<div class=\"elementor-container elementor-column-gap-default\">\n\t\t\t\t\t<div class=\"elementor-column elementor-col-50 elementor-inner-column elementor-element elementor-element-d3c6674\" data-id=\"d3c6674\" data-element_type=\"column\">\n\t\t\t<div class=\"elementor-widget-wrap elementor-element-populated\">\n\t\t\t\t\t\t\t\t<div class=\"elementor-element elementor-element-18899c1a elementor-view-stacked elementor-position-left elementor-shape-circle elementor-mobile-position-top elementor-vertical-align-top elementor-widget elementor-widget-icon-box\" data-id=\"18899c1a\" data-element_type=\"widget\" data-widget_type=\"icon-box.default\">\n\t\t\t\t<div class=\"elementor-widget-container\">\n\t\t\t\t\t<div class=\"elementor-icon-box-wrapper\">\n\t\t\t\t\t\t<div class=\"elementor-icon-box-icon\">\n\t\t\t\t<span class=\"elementor-icon elementor-animation-\" >\n\t\t\t\t<i aria-hidden=\"true\" class=\"fas fa-star\"><\/i>\t\t\t\t<\/span>\n\t\t\t<\/div>\n\t\t\t\t\t\t<div class=\"elementor-icon-box-content\">\n\t\t\t\t<div class=\"elementor-icon-box-title\">\n\t\t\t\t\t<span  >\n\t\t\t\t\t\tPreciso pagar algum valor para participar?\t\t\t\t\t<\/span>\n\t\t\t\t<\/div>\n\t\t\t\t\t\t\t\t\t<p class=\"elementor-icon-box-description\">\n\t\t\t\t\t\tA Semana da Gestante, realizada pela <b>Cl\u00ednica e Maternidade Santa Helena<\/b>,<b> \u00e9 totalmente gratuita.<\/b> Nosso objetivo \u00e9 oferecer uma orienta\u00e7\u00e3o de qualidade, com profissionais capacitados para auxiliar futuras mam\u00e3es da melhor forma poss\u00edvel.\t\t\t\t\t<\/p>\n\t\t\t\t\t\t\t<\/div>\n\t\t<\/div>\n\t\t\t\t<\/div>\n\t\t\t\t<\/div>\n\t\t\t\t<div class=\"elementor-element elementor-element-5da5c2cf elementor-view-stacked elementor-position-left elementor-shape-circle elementor-mobile-position-top elementor-vertical-align-top elementor-widget elementor-widget-icon-box\" data-id=\"5da5c2cf\" data-element_type=\"widget\" data-widget_type=\"icon-box.default\">\n\t\t\t\t<div class=\"elementor-widget-container\">\n\t\t\t\t\t<div class=\"elementor-icon-box-wrapper\">\n\t\t\t\t\t\t<div class=\"elementor-icon-box-icon\">\n\t\t\t\t<span class=\"elementor-icon elementor-animation-\" >\n\t\t\t\t<i aria-hidden=\"true\" class=\"fas fa-star\"><\/i>\t\t\t\t<\/span>\n\t\t\t<\/div>\n\t\t\t\t\t\t<div class=\"elementor-icon-box-content\">\n\t\t\t\t<div class=\"elementor-icon-box-title\">\n\t\t\t\t\t<span  >\n\t\t\t\t\t\tPosso assitir depois?\t\t\t\t\t<\/span>\n\t\t\t\t<\/div>\n\t\t\t\t\t\t\t\t\t<p class=\"elementor-icon-box-description\">\n\t\t\t\t\t\tN\u00e3o, nossos encontros ser\u00e3o transmitidos ao vivo e n\u00e3o ficar\u00e3o gravados, por isso a sua presen\u00e7a no dia do evento \u00e9 importante.\t\t\t\t\t<\/p>\n\t\t\t\t\t\t\t<\/div>\n\t\t<\/div>\n\t\t\t\t<\/div>\n\t\t\t\t<\/div>\n\t\t\t\t\t<\/div>\n\t\t<\/div>\n\t\t\t\t<div class=\"elementor-column elementor-col-50 elementor-inner-column elementor-element elementor-element-4784238e\" data-id=\"4784238e\" data-element_type=\"column\">\n\t\t\t<div class=\"elementor-widget-wrap elementor-element-populated\">\n\t\t\t\t\t\t\t\t<div class=\"elementor-element elementor-element-25d12e8f elementor-view-stacked elementor-position-left elementor-shape-circle elementor-mobile-position-top elementor-vertical-align-top elementor-widget elementor-widget-icon-box\" data-id=\"25d12e8f\" data-element_type=\"widget\" data-widget_type=\"icon-box.default\">\n\t\t\t\t<div class=\"elementor-widget-container\">\n\t\t\t\t\t<div class=\"elementor-icon-box-wrapper\">\n\t\t\t\t\t\t<div class=\"elementor-icon-box-icon\">\n\t\t\t\t<span class=\"elementor-icon elementor-animation-\" >\n\t\t\t\t<i aria-hidden=\"true\" class=\"fas fa-star\"><\/i>\t\t\t\t<\/span>\n\t\t\t<\/div>\n\t\t\t\t\t\t<div class=\"elementor-icon-box-content\">\n\t\t\t\t<div class=\"elementor-icon-box-title\">\n\t\t\t\t\t<span  >\n\t\t\t\t\t\tComo vou ter acesso?\t\t\t\t\t<\/span>\n\t\t\t\t<\/div>\n\t\t\t\t\t\t\t\t\t<p class=\"elementor-icon-box-description\">\n\t\t\t\t\t\tAp\u00f3s preencher os seus dados e enviar o formul\u00e1rio, voc\u00ea ser\u00e1 encaminhada para uma Comunidade exclusiva no whatsapp, onde receber\u00e1 todas as informa\u00e7\u00f5es importantes e link de acesso aos nossos encontros.\t\t\t\t\t<\/p>\n\t\t\t\t\t\t\t<\/div>\n\t\t<\/div>\n\t\t\t\t<\/div>\n\t\t\t\t<\/div>\n\t\t\t\t<div class=\"elementor-element elementor-element-75641797 elementor-view-stacked elementor-position-left elementor-shape-circle elementor-mobile-position-top elementor-vertical-align-top elementor-widget elementor-widget-icon-box\" data-id=\"75641797\" data-element_type=\"widget\" data-widget_type=\"icon-box.default\">\n\t\t\t\t<div class=\"elementor-widget-container\">\n\t\t\t\t\t<div class=\"elementor-icon-box-wrapper\">\n\t\t\t\t\t\t<div class=\"elementor-icon-box-icon\">\n\t\t\t\t<span class=\"elementor-icon elementor-animation-\" >\n\t\t\t\t<i aria-hidden=\"true\" class=\"fas fa-star\"><\/i>\t\t\t\t<\/span>\n\t\t\t<\/div>\n\t\t\t\t\t\t<div class=\"elementor-icon-box-content\">\n\t\t\t\t<div class=\"elementor-icon-box-title\">\n\t\t\t\t\t<span  >\n\t\t\t\t\t\tO que preciso para participar?\t\t\t\t\t<\/span>\n\t\t\t\t<\/div>\n\t\t\t\t\t\t\t\t\t<p class=\"elementor-icon-box-description\">\n\t\t\t\t\t\tVoc\u00ea poder\u00e1 assistir atrav\u00e9s de um celular\/computador\/tablet com conex\u00e3o \u00e0 internet.\t\t\t\t\t<\/p>\n\t\t\t\t\t\t\t<\/div>\n\t\t<\/div>\n\t\t\t\t<\/div>\n\t\t\t\t<\/div>\n\t\t\t\t\t<\/div>\n\t\t<\/div>\n\t\t\t\t\t\t\t<\/div>\n\t\t<\/div>\n\t\t\t\t\t<\/div>\n\t\t<\/div>\n\t\t\t\t\t\t\t<\/div>\n\t\t<\/section>\n\t\t\t\t<section class=\"elementor-section elementor-top-section elementor-element elementor-element-6f549cbc elementor-section-content-middle elementor-section-boxed elementor-section-height-default elementor-section-height-default\" data-id=\"6f549cbc\" data-element_type=\"section\" data-settings=\"{&quot;background_background&quot;:&quot;classic&quot;}\">\n\t\t\t\t\t\t<div class=\"elementor-container elementor-column-gap-wide\">\n\t\t\t\t\t<div class=\"elementor-column elementor-col-100 elementor-top-column elementor-element elementor-element-781237a3\" data-id=\"781237a3\" data-element_type=\"column\">\n\t\t\t<div class=\"elementor-widget-wrap elementor-element-populated\">\n\t\t\t\t\t\t\t\t<div class=\"elementor-element elementor-element-f78ddc8 elementor-widget elementor-widget-image\" data-id=\"f78ddc8\" data-element_type=\"widget\" data-widget_type=\"image.default\">\n\t\t\t\t<div class=\"elementor-widget-container\">\n\t\t\t\t\t\t\t\t\t\t\t\t\t\t\t<img decoding=\"async\" loading=\"lazy\" width=\"300\" height=\"70\" src=\"https:\/\/maternidadesantahelena.com.br\/cursogestante\/wp-content\/uploads\/2023\/08\/logo-clinica-santa-helena-1200x278-1-300x70.png\" class=\"attachment-medium size-medium wp-image-302\" alt=\"\" srcset=\"https:\/\/maternidadesantahelena.com.br\/cursogestante\/wp-content\/uploads\/2023\/08\/logo-clinica-santa-helena-1200x278-1-300x70.png 300w, https:\/\/maternidadesantahelena.com.br\/cursogestante\/wp-content\/uploads\/2023\/08\/logo-clinica-santa-helena-1200x278-1-1024x237.png 1024w, https:\/\/maternidadesantahelena.com.br\/cursogestante\/wp-content\/uploads\/2023\/08\/logo-clinica-santa-helena-1200x278-1-768x178.png 768w, https:\/\/maternidadesantahelena.com.br\/cursogestante\/wp-content\/uploads\/2023\/08\/logo-clinica-santa-helena-1200x278-1.png 1200w\" sizes=\"(max-width: 300px) 100vw, 300px\" \/>\t\t\t\t\t\t\t\t\t\t\t\t\t\t\t<\/div>\n\t\t\t\t<\/div>\n\t\t\t\t<div class=\"elementor-element elementor-element-74987cc2 elementor-widget elementor-widget-text-editor\" data-id=\"74987cc2\" data-element_type=\"widget\" data-widget_type=\"text-editor.default\">\n\t\t\t\t<div class=\"elementor-widget-container\">\n\t\t\t\t\t\t\t<p>A Cl\u00ednica e Maternidade Santa Helena iniciou suas atividades em 1993 e hoje \u00e9 refer\u00eancia em gesta\u00e7\u00f5es de risco e UTI Neonatal (Unidade de Terapia Intensiva de rec\u00e9m-nascido). Com aproximadamente 2.000 m\u00b2, a <br \/>Santa Helena conta com uma estrutura completa e profissionais altamente capacitados para<br \/>atender todas as suas pacientes.<\/p>\t\t\t\t\t\t<\/div>\n\t\t\t\t<\/div>\n\t\t\t\t<div class=\"elementor-element elementor-element-5a4416be elementor-shape-circle elementor-grid-mobile-0 elementor-grid-0 e-grid-align-center elementor-widget elementor-widget-social-icons\" data-id=\"5a4416be\" data-element_type=\"widget\" data-widget_type=\"social-icons.default\">\n\t\t\t\t<div class=\"elementor-widget-container\">\n\t\t\t\t\t<div class=\"elementor-social-icons-wrapper elementor-grid\">\n\t\t\t\t\t\t\t<span class=\"elementor-grid-item\">\n\t\t\t\t\t<a class=\"elementor-icon elementor-social-icon elementor-social-icon-facebook-f elementor-animation-shrink elementor-repeater-item-9fc877a\" href=\"https:\/\/www.facebook.com\/ClinicaSantaHelenaFLN\/\" target=\"_blank\">\n\t\t\t\t\t\t<span class=\"elementor-screen-only\">Facebook-f<\/span>\n\t\t\t\t\t\t<i class=\"fab fa-facebook-f\"><\/i>\t\t\t\t\t<\/a>\n\t\t\t\t<\/span>\n\t\t\t\t\t\t\t<span class=\"elementor-grid-item\">\n\t\t\t\t\t<a class=\"elementor-icon elementor-social-icon elementor-social-icon-youtube elementor-animation-shrink elementor-repeater-item-8bbc384\" href=\"https:\/\/www.youtube.com\/channel\/UC3k_8vat7wlWpjPVrPRQAAw\" target=\"_blank\">\n\t\t\t\t\t\t<span class=\"elementor-screen-only\">Youtube<\/span>\n\t\t\t\t\t\t<i class=\"fab fa-youtube\"><\/i>\t\t\t\t\t<\/a>\n\t\t\t\t<\/span>\n\t\t\t\t\t\t\t<span class=\"elementor-grid-item\">\n\t\t\t\t\t<a class=\"elementor-icon elementor-social-icon elementor-social-icon-instagram elementor-animation-shrink elementor-repeater-item-55683a8\" href=\"https:\/\/www.instagram.com\/clinica_santahelena\" target=\"_blank\">\n\t\t\t\t\t\t<span class=\"elementor-screen-only\">Instagram<\/span>\n\t\t\t\t\t\t<i class=\"fab fa-instagram\"><\/i>\t\t\t\t\t<\/a>\n\t\t\t\t<\/span>\n\t\t\t\t\t\t\t<span class=\"elementor-grid-item\">\n\t\t\t\t\t<a class=\"elementor-icon elementor-social-icon elementor-social-icon-whatsapp elementor-animation-shrink elementor-repeater-item-44a96cb\" href=\"http:\/\/links.maternidadesantahelena.com.br\" target=\"_blank\">\n\t\t\t\t\t\t<span class=\"elementor-screen-only\">Whatsapp<\/span>\n\t\t\t\t\t\t<i class=\"fab fa-whatsapp\"><\/i>\t\t\t\t\t<\/a>\n\t\t\t\t<\/span>\n\t\t\t\t\t\t\t<span class=\"elementor-grid-item\">\n\t\t\t\t\t<a class=\"elementor-icon elementor-social-icon elementor-social-icon-phone elementor-animation-shrink elementor-repeater-item-a83dc97\" href=\"http:\/\/links.maternidadesantahelena.com.br\" target=\"_blank\">\n\t\t\t\t\t\t<span class=\"elementor-screen-only\">Phone<\/span>\n\t\t\t\t\t\t<i class=\"fas fa-phone\"><\/i>\t\t\t\t\t<\/a>\n\t\t\t\t<\/span>\n\t\t\t\t\t<\/div>\n\t\t\t\t<\/div>\n\t\t\t\t<\/div>\n\t\t\t\t<div class=\"elementor-element elementor-element-543b3667 elementor-widget-divider--view-line elementor-widget elementor-widget-divider\" data-id=\"543b3667\" data-element_type=\"widget\" data-widget_type=\"divider.default\">\n\t\t\t\t<div class=\"elementor-widget-container\">\n\t\t\t\t\t<div class=\"elementor-divider\">\n\t\t\t<span class=\"elementor-divider-separator\">\n\t\t\t\t\t\t<\/span>\n\t\t<\/div>\n\t\t\t\t<\/div>\n\t\t\t\t<\/div>\n\t\t\t\t<div class=\"elementor-element elementor-element-7cbf1f51 elementor-widget elementor-widget-text-editor\" data-id=\"7cbf1f51\" data-element_type=\"widget\" data-widget_type=\"text-editor.default\">\n\t\t\t\t<div class=\"elementor-widget-container\">\n\t\t\t\t\t\t\t<p>Rua \u00c1lvaro Soares de Oliveira, 117 Jd. Itagua\u00e7u, Florian\u00f3polis \/ SC<\/p>\t\t\t\t\t\t<\/div>\n\t\t\t\t<\/div>\n\t\t\t\t<div class=\"elementor-element elementor-element-31bbce7e elementor-widget elementor-widget-text-editor\" data-id=\"31bbce7e\" data-element_type=\"widget\" data-widget_type=\"text-editor.default\">\n\t\t\t\t<div class=\"elementor-widget-container\">\n\t\t\t\t\t\t\t<p>Respons\u00e1vel T\u00e9cnico Dr. Jos\u00e9 Francisco Zambonato CRM\/SC 7779<\/p>\t\t\t\t\t\t<\/div>\n\t\t\t\t<\/div>\n\t\t\t\t\t<\/div>\n\t\t<\/div>\n\t\t\t\t\t\t\t<\/div>\n\t\t<\/section>\n\t\t\t\t\t\t\t<\/div>\n\t\t","protected":false},"excerpt":{"rendered":"<p>Curso para Gestantes Ao-vivo, On-line e Gratuito A chegada de um filho \u00e9 um momento m\u00e1gico, por esse motivo, a prepara\u00e7\u00e3o para o nascimento \u00e9 muito importante. Pensando nisso, a Cl\u00ednica e Maternidade Santa Helena preparou 3 lindos encontros ao vivo, on-line e gratuitos, para voc\u00eas mam\u00e3es e papais, se sentirem ainda mais seguros e [&hellip;]<\/p>\n","protected":false},"author":1,"featured_media":0,"parent":0,"menu_order":0,"comment_status":"closed","ping_status":"closed","template":"elementor_canvas","meta":{"footnotes":""},"_links":{"self":[{"href":"https:\/\/maternidadesantahelena.com.br\/cursogestante\/wp-json\/wp\/v2\/pages\/300"}],"collection":[{"href":"https:\/\/maternidadesantahelena.com.br\/cursogestante\/wp-json\/wp\/v2\/pages"}],"about":[{"href":"https:\/\/maternidadesantahelena.com.br\/cursogestante\/wp-json\/wp\/v2\/types\/page"}],"author":[{"embeddable":true,"href":"https:\/\/maternidadesantahelena.com.br\/cursogestante\/wp-json\/wp\/v2\/users\/1"}],"replies":[{"embeddable":true,"href":"https:\/\/maternidadesantahelena.com.br\/cursogestante\/wp-json\/wp\/v2\/comments?post=300"}],"version-history":[{"count":92,"href":"https:\/\/maternidadesantahelena.com.br\/cursogestante\/wp-json\/wp\/v2\/pages\/300\/revisions"}],"predecessor-version":[{"id":426,"href":"https:\/\/maternidadesantahelena.com.br\/cursogestante\/wp-json\/wp\/v2\/pages\/300\/revisions\/426"}],"wp:attachment":[{"href":"https:\/\/maternidadesantahelena.com.br\/cursogestante\/wp-json\/wp\/v2\/media?parent=300"}],"curies":[{"name":"wp","href":"https:\/\/api.w.org\/{rel}","templated":true}]}}